{"id":223030,"date":"2022-07-25T15:37:56","date_gmt":"2022-07-25T13:37:56","guid":{"rendered":"https:\/\/www.emivendeghaz.hu\/?page_id=223030"},"modified":"2022-07-29T14:00:07","modified_gmt":"2022-07-29T12:00:07","slug":"data-handling","status":"publish","type":"page","link":"https:\/\/www.emivendeghaz.hu\/en\/data-handling\/","title":{"rendered":"Data handling"},"content":{"rendered":"\t\t<div data-elementor-type=\"wp-page\" data-elementor-id=\"223030\" class=\"elementor elementor-223030 elementor-222207\" data-elementor-post-type=\"page\">\n\t\t\t\t\t\t<section class=\"elementor-section elementor-top-section elementor-element elementor-element-bdec258 elementor-section-boxed elementor-section-height-default elementor-section-height-default\" data-id=\"bdec258\" data-element_type=\"section\" data-e-type=\"section\">\n\t\t\t\t\t\t<div class=\"elementor-container elementor-column-gap-default\">\n\t\t\t\t\t<div class=\"elementor-column elementor-col-100 elementor-top-column elementor-element elementor-element-677f45d\" data-id=\"677f45d\" data-element_type=\"column\" data-e-type=\"column\">\n\t\t\t<div class=\"elementor-widget-wrap elementor-element-populated\">\n\t\t\t\t\t\t<div class=\"elementor-element elementor-element-017b0bb elementor-widget elementor-widget-heading\" data-id=\"017b0bb\" data-element_type=\"widget\" data-e-type=\"widget\" data-widget_type=\"heading.default\">\n\t\t\t\t<div class=\"elementor-widget-container\">\n\t\t\t\t\t<h2 class=\"elementor-heading-title elementor-size-default\">VIZA t\u00e1j\u00e9koztat\u00f3 a szem\u00e9lyes adatok k\u00f6telez\u0151 r\u00f6gz\u00edt\u00e9s\u00e9r\u0151l<\/h2>\t\t\t\t<\/div>\n\t\t\t\t<\/div>\n\t\t\t\t\t<\/div>\n\t\t<\/div>\n\t\t\t\t\t<\/div>\n\t\t<\/section>\n\t\t\t\t<section class=\"elementor-section elementor-top-section elementor-element elementor-element-9aab810 elementor-section-boxed elementor-section-height-default elementor-section-height-default\" data-id=\"9aab810\" data-element_type=\"section\" data-e-type=\"section\">\n\t\t\t\t\t\t<div class=\"elementor-container elementor-column-gap-default\">\n\t\t\t\t\t<div class=\"elementor-column elementor-col-100 elementor-top-column elementor-element elementor-element-0e31028\" data-id=\"0e31028\" data-element_type=\"column\" data-e-type=\"column\">\n\t\t\t<div class=\"elementor-widget-wrap elementor-element-populated\">\n\t\t\t\t\t\t<div class=\"elementor-element elementor-element-a0508ab elementor-widget elementor-widget-text-editor\" data-id=\"a0508ab\" data-element_type=\"widget\" data-e-type=\"widget\" data-widget_type=\"text-editor.default\">\n\t\t\t\t<div class=\"elementor-widget-container\">\n\t\t\t\t\t\t\t\t\t<p>2020 szeptember 1-j\u00e9t k\u00f6vet\u0151en a hat\u00e1lyos jogszab\u00e1lyok \u00e9rtelm\u00e9ben, a Magyarorsz\u00e1gon sz\u00e1ll\u00e1shely-szolg\u00e1ltat\u00e1st ig\u00e9nybe vev\u0151k jogszab\u00e1lyban meghat\u00e1rozott szem\u00e9lyes adatait a sz\u00e1ll\u00e1shely-szolg\u00e1ltat\u00f3 okm\u00e1nyolvas\u00f3n kereszt\u00fcl sz\u00e1ll\u00e1shelykezel\u0151 szoftver\u00e9ben r\u00f6gz\u00edti, \u00e9s egy t\u00e1rhelyre, a Vend\u00e9g Inform\u00e1ci\u00f3s Z\u00e1rt Adatb\u00e1zisba (VIZA) tov\u00e1bb\u00edtja.<\/p><p>A r\u00e9szletes t\u00e1j\u00e9koztat\u00f3 let\u00f6lthet\u0151 &gt;\u00a0<a href=\"\/wp-content\/uploads\/2021\/09\/viza_tajekoztato.pdf\" target=\"_blank\" rel=\"noopener\">itt<\/a><\/p><h4>Adatv\u00e9delmi \u00e9s adatkezel\u00e9si szab\u00e1lyzat<\/h4><p>A www.emivendeghaz.hu \u00fczemeltet\u0151je ez\u00faton t\u00e1j\u00e9koztatja a honlap l\u00e1togat\u00f3it a szem\u00e9lyes adatok kezel\u00e9se k\u00f6r\u00e9ben k\u00f6vetett gyakorlat\u00e1r\u00f3l, az adatok v\u00e9delme \u00e9rdek\u00e9ben megtett szervez\u00e9si \u00e9s technikai int\u00e9zked\u00e9seir\u0151l, valamint a l\u00e1togat\u00f3k ezzel kapcsolatos jogair\u00f3l, \u00e9s azok \u00e9rv\u00e9nyes\u00edt\u00e9s\u00e9nek lehet\u0151s\u00e9geir\u0151l.<\/p><h4>1. Az adatkezel\u0151<\/h4><p>Adatkezel\u0151 a Jelen Szab\u00e1lyzat tekintet\u00e9ben:<\/p><p>a) Adatkezel\u0151: Luk\u00e1cs Attila Gy\u00f6rgyn\u00e9, mint az Emi Vend\u00e9gh\u00e1z fizet\u0151 sz\u00e1ll\u00e1shely \u00fczemeltet\u0151je<br \/>b) Postac\u00edme: 8636 Balatonszemes, Bajcsy-Zsilinszky Endre u. 72.<br \/>c) Elektronikus (e-mail) c\u00edm: lukacsattil@gmail.com<br \/>d) Sz\u00e1ll\u00e1shelyet nyilv\u00e1ntart\u00f3 hat\u00f3s\u00e1g: Balatonszemes \u00d6nkorm\u00e1nyzata<br \/>e) Ad\u00f3sz\u00e1ma: 75037855-1-34<\/p><p>Az adatv\u00e9delmi t\u00e1j\u00e9koztat\u00f3 c\u00e9lja, hogy meghat\u00e1rozza az Adatkezel\u0151 \u00e1ltal kezelt szem\u00e9lyes adatok k\u00f6r\u00e9t, az adatkezel\u00e9s m\u00f3dj\u00e1t, valamint biztos\u00edtsa az adatv\u00e9delem alkotm\u00e1nyos elveinek, az adatbiztons\u00e1g k\u00f6vetelm\u00e9nyeinek \u00e9rv\u00e9nyes\u00fcl\u00e9s\u00e9t, s megakad\u00e1lyozza az adatokhoz val\u00f3 jogosulatlan hozz\u00e1f\u00e9r\u00e9st, az adatok megv\u00e1ltoztat\u00e1s\u00e1t \u00e9s jogosulatlan nyilv\u00e1noss\u00e1gra hozatal\u00e1t, vagy felhaszn\u00e1l\u00e1s\u00e1t, annak \u00e9rdek\u00e9ben, hogy a felhaszn\u00e1l\u00f3 term\u00e9szetes szem\u00e9lyek mag\u00e1nszf\u00e9r\u00e1j\u00e1nak a tiszteletben tart\u00e1sa megval\u00f3suljon.<\/p><p>Adatkezel\u0151 az 5. pontban megfogalmazott c\u00e9l \u00e9rdek\u00e9ben a felhaszn\u00e1l\u00f3 szem\u00e9lyes adatait bizalmasan, a hat\u00e1lyos jogszab\u00e1lyi el\u0151\u00edr\u00e1sokkal \u00f6sszhangban kezeli, gondoskodik azok biztons\u00e1g\u00e1r\u00f3l, megteszi azokat a technikai \u00e9s szervez\u00e9si int\u00e9zked\u00e9seket, valamint kialak\u00edtja azokat az elj\u00e1r\u00e1si szab\u00e1lyokat, amelyek a vonatkoz\u00f3 jogszab\u00e1lyi rendelkez\u00e9sek \u00e9s m\u00e1s aj\u00e1nl\u00e1sok \u00e9rv\u00e9nyre juttat\u00e1s\u00e1hoz sz\u00fcks\u00e9gesek.<\/p><h4>2. Jogszab\u00e1lyi h\u00e1tt\u00e9r<\/h4><p>A szem\u00e9lyes adatok kezel\u00e9s\u00e9vel kapcsolatos jogszab\u00e1lyi el\u0151\u00edr\u00e1sokat Adatkezel\u0151 az adatkezel\u00e9s minden f\u00e1zis\u00e1ban k\u00f6teles betartani. Adatkezel\u0151 \u00e1ltal v\u00e9gzett adatkezel\u00e9sre els\u0151sorban az al\u00e1bbi jogszab\u00e1lyokban r\u00f6gz\u00edtett rendelkez\u00e9sek az ir\u00e1nyad\u00f3ak:<\/p><p>&#8211; AZ EUR\u00d3PAI PARLAMENT \u00c9S A TAN\u00c1CS 2016. \u00e1prilis 27-i (EU) 2016\/679 RENDELETE a term\u00e9szetes szem\u00e9lyeknek a szem\u00e9lyes adatok kezel\u00e9se tekintet\u00e9ben t\u00f6rt\u00e9n\u0151 v\u00e9delm\u00e9r\u0151l \u00e9s az ilyen adatok szabad \u00e1raml\u00e1s\u00e1r\u00f3l, valamint a 95\/46\/EK ir\u00e1nyelv hat\u00e1lyon k\u00edv\u00fcl helyez\u00e9s\u00e9r\u0151l (\u00e1ltal\u00e1nos adatv\u00e9delmi rendelet)<\/p><p>&#8211; a Polg\u00e1ri T\u00f6rv\u00e9nyk\u00f6nyvr\u0151l sz\u00f3l\u00f3 2013. \u00e9vi V. t\u00f6rv\u00e9ny 2:43\u00a7 (e)<\/p><p>&#8211; az inform\u00e1ci\u00f3s \u00f6nrendelkez\u00e9si jogr\u00f3l \u00e9s az inform\u00e1ci\u00f3szabads\u00e1gr\u00f3l sz\u00f3l\u00f3 2011. \u00e9vi CXII. tv. (\u201eInfo tv.\u201d);<\/p><p>&#8211; az elektronikus kereskedelmi szolg\u00e1ltat\u00e1sok, valamint inform\u00e1ci\u00f3s t\u00e1rsadalommal \u00f6sszef\u00fcgg\u0151 szolg\u00e1ltat\u00e1sok egyes k\u00e9rd\u00e9seir\u0151l sz\u00f3l\u00f3 2001. \u00e9vi CVIII. tv. (\u201eEker. tv.\u201d);<\/p><p>&#8211; a turisztikai t\u00e9rs\u00e9gek fejleszt\u00e9s\u00e9nek \u00e1llami feladatair\u00f3l sz\u00f3l\u00f3 2016. \u00e9vi CLVI. t\u00f6rv\u00e9ny;<\/p><p>&#8211; A turisztikai t\u00e9rs\u00e9gek fejleszt\u00e9s\u00e9nek \u00e1llami feladatair\u00f3l sz\u00f3l\u00f3 t\u00f6rv\u00e9ny v\u00e9grehajt\u00e1s\u00e1r\u00f3l sz\u00f3l\u00f3 235\/2019. (X. 15.) Korm. rendelet;<\/p><p>&#8211; A szem\u00e9lyazonos\u00edt\u00f3 igazolv\u00e1ny kiad\u00e1sa \u00e9s az egys\u00e9ges arck\u00e9pm\u00e1s- \u00e9s al\u00e1\u00edr\u00e1s-felv\u00e9telez\u00e9s szab\u00e1lyair\u00f3l sz\u00f3l\u00f3 414\/2015. (XII. 23.) Korm. rendelet;<\/p><p>&#8211; az egy\u00e9nek v\u00e9delm\u00e9r\u0151l a szem\u00e9lyes adatok g\u00e9pi feldolgoz\u00e1sa sor\u00e1n, Strasbourgban, 1981. janu\u00e1r 28. napj\u00e1n kelt Egyezm\u00e9ny kihirdet\u00e9s\u00e9r\u0151l sz\u00f3l\u00f3 1998. \u00e9vi VI. t\u00f6rv\u00e9ny;<\/p><p>&#8211; a kutat\u00e1s \u00e9s a k\u00f6zvetlen \u00fczletszerz\u00e9s c\u00e9lj\u00e1t szolg\u00e1l\u00f3 n\u00e9v- \u00e9s lakc\u00edmadatok kezel\u00e9s\u00e9r\u0151l sz\u00f3l\u00f3 1995. \u00e9vi CXIX. T\u00f6rv\u00e9ny (\u201eKatv.\u201d)<\/p><h4>3. Fogalmak<\/h4><p>(1) \u00e9rintett: b\u00e1rmely meghat\u00e1rozott, szem\u00e9lyes adat alapj\u00e1n azonos\u00edtott vagy &#8211; k\u00f6zvetlen\u00fcl vagy k\u00f6zvetve &#8211; azonos\u00edthat\u00f3 term\u00e9szetes szem\u00e9ly;<\/p><p>(2) szem\u00e9lyes adat: az \u00e9rintettel kapcsolatba hozhat\u00f3 adat &#8211; k\u00fcl\u00f6n\u00f6sen az \u00e9rintett neve, azonos\u00edt\u00f3 jele, valamint egy vagy t\u00f6bb fizikai, fiziol\u00f3giai, ment\u00e1lis, gazdas\u00e1gi, kultur\u00e1lis vagy szoci\u00e1lis azonoss\u00e1g\u00e1ra jellemz\u0151 ismeret -, valamint az adatb\u00f3l levonhat\u00f3, az \u00e9rintettre vonatkoz\u00f3 k\u00f6vetkeztet\u00e9s;<\/p><p>(3) hozz\u00e1j\u00e1rul\u00e1s: az \u00e9rintett k\u00edv\u00e1ns\u00e1g\u00e1nak \u00f6nk\u00e9ntes \u00e9s hat\u00e1rozott kinyilv\u00e1n\u00edt\u00e1sa, amely megfelel\u0151 t\u00e1j\u00e9koztat\u00e1son alapul, \u00e9s amellyel f\u00e9lre\u00e9rthetetlen beleegyez\u00e9s\u00e9t adja a r\u00e1 vonatkoz\u00f3 szem\u00e9lyes<\/p><p>(4) tiltakoz\u00e1s: az \u00e9rintett nyilatkozata, amellyel szem\u00e9lyes adatainak kezel\u00e9s\u00e9t kifog\u00e1solja, \u00e9s az<\/p><p>(5) adatkezel\u00e9s: az alkalmazott elj\u00e1r\u00e1st\u00f3l f\u00fcggetlen\u00fcl a szem\u00e9lyes adatokon v\u00e9gzett b\u00e1rmely m\u0171velet vagy a m\u0171veletek \u00f6sszess\u00e9ge, \u00edgy p\u00e9ld\u00e1ul gy\u0171jt\u00e9se, felv\u00e9tele, r\u00f6gz\u00edt\u00e9se, rendszerez\u00e9se, t\u00e1rol\u00e1sa, megv\u00e1ltoztat\u00e1sa, felhaszn\u00e1l\u00e1sa, tov\u00e1bb\u00edt\u00e1sa, nyilv\u00e1noss\u00e1gra hozatala, \u00f6sszehangol\u00e1sa vagy \u00f6sszekapcsol\u00e1sa, z\u00e1rol\u00e1sa, t\u00f6rl\u00e9se \u00e9s megsemmis\u00edt\u00e9se, valamint az adatok tov\u00e1bbi felhaszn\u00e1l\u00e1s\u00e1nak megakad\u00e1lyoz\u00e1sa, f\u00e9nyk\u00e9p-, hang- vagy k\u00e9pfelv\u00e9tel k\u00e9sz\u00edt\u00e9se, valamint a szem\u00e9ly azonos\u00edt\u00e1s\u00e1ra alkalmas fizikai jellemz\u0151k (pl: ujj-, teny\u00e9rlenyomat, DNS-minta, \u00edriszk\u00e9p) r\u00f6gz\u00edt\u00e9se<\/p><p>(6) adatfeldolgoz\u00e1s: az adatkezel\u00e9si m\u0171veletekhez kapcsol\u00f3d\u00f3 technikai feladatok elv\u00e9gz\u00e9se, f\u00fcggetlen\u00fcl a m\u0171veletek v\u00e9grehajt\u00e1s\u00e1hoz alkalmazott m\u00f3dszert\u0151l \u00e9s eszk\u00f6zt\u0151l, valamint az alkalmaz\u00e1s hely\u00e9t\u0151l, felt\u00e9ve, hogy a technikai feladatot az adatokon v\u00e9gzik.<\/p><p>(7) adattov\u00e1bb\u00edt\u00e1s: az adat meghat\u00e1rozott harmadik szem\u00e9ly sz\u00e1m\u00e1ra t\u00f6rt\u00e9n\u0151 hozz\u00e1f\u00e9rhet\u0151v\u00e9 t\u00e9tele.<\/p><p>(8) nyilv\u00e1noss\u00e1gra hozatal: az adatok b\u00e1rki sz\u00e1m\u00e1ra t\u00f6rt\u00e9n\u0151 hozz\u00e1f\u00e9rhet\u0151v\u00e9 t\u00e9tele.<\/p><p>(9) adatkezel\u0151: az a term\u00e9szetes vagy jogi szem\u00e9ly, illetve jogi szem\u00e9lyis\u00e9ggel nem rendelkez\u0151 szervezet, aki, vagy amely \u00f6n\u00e1ll\u00f3an vagy m\u00e1sokkal egy\u00fctt a szem\u00e9lyes adatok kezel\u00e9s\u00e9nek c\u00e9lj\u00e1t meghat\u00e1rozza, az adatkezel\u00e9sre (bele\u00e9rtve a felhaszn\u00e1lt eszk\u00f6zt) vonatkoz\u00f3 d\u00f6nt\u00e9seket meghozza \u00e9s v\u00e9grehajtja, vagy az \u00e1ltala megb\u00edzott adatfeldolgoz\u00f3val v\u00e9grehajtatja.<\/p><p>(10) adatfeldolgoz\u00f3: az a term\u00e9szetes vagy jogi szem\u00e9ly, illetve jogi szem\u00e9lyis\u00e9ggel nem rendelkez\u0151 szervezet, aki, vagy amely szerz\u0151d\u00e9s alapj\u00e1n &#8211; bele\u00e9rtve a jogszab\u00e1ly rendelkez\u00e9se alapj\u00e1n k\u00f6t\u00f6tt szerz\u0151d\u00e9st is &#8211; adatok feldolgoz\u00e1s\u00e1t v\u00e9gzi.<\/p><p>(11) adatt\u00f6rl\u00e9s: az adatok felismerhetetlenn\u00e9 t\u00e9tele oly m\u00f3don, hogy a helyre\u00e1ll\u00edt\u00e1suk t\u00f6bb\u00e9 nem lehets\u00e9ges.<\/p><p>(12) adat\u00e1llom\u00e1ny: az egy nyilv\u00e1ntart\u00e1sban kezelt adatok \u00f6sszess\u00e9ge.<\/p><p>(13) harmadik szem\u00e9ly: olyan term\u00e9szetes vagy jogi szem\u00e9ly, illetve jogi szem\u00e9lyis\u00e9ggel nem rendelkez\u0151 szervezet, aki, vagy amely nem azonos az \u00e9rintettel, az adatkezel\u0151vel vagy az adatfeldolgoz\u00f3val;<\/p><h4>4. Az adatkezel\u00e9s jogalapja<\/h4><p>Adatkezel\u0151 az \u00c9rintettek adatait a hat\u00e1lyos adatv\u00e9delemre vonatkoz\u00f3 jogszab\u00e1lyoknak megfelel\u0151en, hozz\u00e1j\u00e1rul\u00e1suk alapj\u00e1n, illet\u0151leg<\/p><p>&#8211; AZ EUR\u00d3PAI PARLAMENT \u00c9S A TAN\u00c1CS 2016. \u00e1prilis 27-i (EU) 2016\/679 RENDELETE a term\u00e9szetes szem\u00e9lyeknek a szem\u00e9lyes adatok kezel\u00e9se tekintet\u00e9ben t\u00f6rt\u00e9n\u0151 v\u00e9delm\u00e9r\u0151l \u00e9s az ilyen adatok szabad \u00e1raml\u00e1s\u00e1r\u00f3l, valamint a 95\/46\/EK ir\u00e1nyelv hat\u00e1lyon k\u00edv\u00fcl helyez\u00e9s\u00e9r\u0151l (\u00e1ltal\u00e1nos adatv\u00e9delmi rendelet)<\/p><p>&#8211; az elektronikus kereskedelmi szolg\u00e1ltat\u00e1sok, valamint az inform\u00e1ci\u00f3s t\u00e1rsadalommal \u00f6sszef\u00fcgg\u0151 szolg\u00e1ltat\u00e1sok egyes k\u00e9rd\u00e9seir\u0151l sz\u00f3l\u00f3 2001. \u00e9vi CVIII. tv. 13\/A \u00a7-a<\/p><p>&#8211; a turisztikai t\u00e9rs\u00e9gek fejleszt\u00e9s\u00e9nek \u00e1llami feladatair\u00f3l sz\u00f3l\u00f3 2016. \u00e9vi CLVI. t\u00f6rv\u00e9ny;<\/p><p>&#8211; A turisztikai t\u00e9rs\u00e9gek fejleszt\u00e9s\u00e9nek \u00e1llami feladatair\u00f3l sz\u00f3l\u00f3 t\u00f6rv\u00e9ny v\u00e9grehajt\u00e1s\u00e1r\u00f3l sz\u00f3l\u00f3 235\/2019. (X. 15.) Korm. rendelet;<\/p><p>&#8211; A szem\u00e9lyazonos\u00edt\u00f3 igazolv\u00e1ny kiad\u00e1sa \u00e9s az egys\u00e9ges arck\u00e9pm\u00e1s- \u00e9s al\u00e1\u00edr\u00e1s-felv\u00e9telez\u00e9s szab\u00e1lyair\u00f3l sz\u00f3l\u00f3 414\/2015. (XII. 23.) Korm. rendelet<\/p><p>alapj\u00e1n kezeli.<\/p><h4>5. A kezelt adatok k\u00f6re, az adatkezel\u00e9s c\u00e9lja \u00e9s id\u0151tartama<\/h4><p>(1) A jelen Adatv\u00e9delmi Szab\u00e1lyzat kiz\u00e1r\u00f3lag term\u00e9szetes szem\u00e9lyek adatainak kezel\u00e9s\u00e9re terjed ki, tekintettel arra, hogy szem\u00e9lyes adatok kiz\u00e1r\u00f3lag term\u00e9szetes szem\u00e9lyek vonatkoz\u00e1s\u00e1ban \u00e9rtelmezhet\u0151ek.<\/p><p>Nem min\u0151s\u00fclnek szem\u00e9lyes adatnak azok az anonim inform\u00e1ci\u00f3k, amelyeket a szem\u00e9lyes azonos\u00edthat\u00f3s\u00e1g kiz\u00e1r\u00e1s\u00e1val gy\u0171jt adatkezel\u0151, \u00e9s term\u00e9szetes szem\u00e9llyel nem hozhat\u00f3ak kapcsolatba, illetve azok a demogr\u00e1fiai adatok sem min\u0151s\u00fclnek szem\u00e9lyes adatnak, melyeket \u00fagy gy\u0171jt, hogy nem kapcsolja hozz\u00e1 azokat azonos\u00edthat\u00f3 szem\u00e9lyek szem\u00e9lyes adataihoz, ez\u00e1ltal nem \u00e1ll\u00edthat\u00f3 fel kapcsolat term\u00e9szetes szem\u00e9llyel.<\/p><p>(2)\u00a0 \u00c1raj\u00e1nlat k\u00e9r\u00e9se, online \u00fczenet k\u00fcld\u00e9se:<\/p><p>A weboldalon lehet\u0151s\u00e9g van a Szolg\u00e1ltat\u00f3 \u00e1ltal ny\u00fajtott szolg\u00e1ltat\u00e1sokkal kapcsolatosan \u00e1raj\u00e1nlat, illet\u0151leg egy\u00e9b inform\u00e1ci\u00f3 k\u00e9r\u00e9s\u00e9re, melynek sor\u00e1n az al\u00e1bbi szem\u00e9lyes adatok megad\u00e1sa sz\u00fcks\u00e9ges:<\/p><p>&#8211; e-mail c\u00edm<\/p><p>&#8211; n\u00e9v<\/p><p>&#8211; telefonsz\u00e1m<\/p><p>Az adatkezel\u00e9s c\u00e9lja: az \u00c9rintettek szem\u00e9lyre szabott kiszolg\u00e1l\u00e1sa, illetve az \u00c9rintettek k\u00e9r\u00e9s\u00e9re \u00e1raj\u00e1nlat k\u00fcld\u00e9se.<\/p><p>Anonim ig\u00e9nybe vev\u0151 azonos\u00edt\u00f3 (cookie)<\/p><p>A weboldalon session, azaz munkamenet cookie-t (kis adatcsomagot) haszn\u00e1lunk, amely az adott munkamenet lez\u00e1rult\u00e1ig \u00e9rv\u00e9nyes, teh\u00e1t a l\u00e1togat\u00e1s id\u0151tartam\u00e1ra j\u00f6n l\u00e9tre, ezt k\u00f6vet\u0151en automatikusan t\u00f6rl\u0151dik a felhaszn\u00e1l\u00f3 sz\u00e1m\u00edt\u00f3g\u00e9p\u00e9r\u0151l. Az \u00fan. cookie a weboldal biztons\u00e1g\u00e1hoz, a felhaszn\u00e1l\u00f3bar\u00e1t megold\u00e1sokhoz sz\u00fcks\u00e9ges, a magasabb felhaszn\u00e1l\u00f3i \u00e9lm\u00e9ny \u00e9rdek\u00e9ben.<\/p><p>A cookie alkalmaz\u00e1s\u00e1val nem t\u00e1rol\u00f3dnak szem\u00e9lyes adatok. A cookie-kat a l\u00e1togat\u00f3 b\u00e1rmikor t\u00f6r\u00f6lheti saj\u00e1t sz\u00e1m\u00edt\u00f3g\u00e9p\u00e9r\u0151l\/b\u00f6ng\u00e9sz\u00e9shez haszn\u00e1lt eszk\u00f6z\u00e9r\u0151l, illetve be\u00e1ll\u00edthatja b\u00f6ng\u00e9sz\u0151j\u00e9t, hogy a cookie-k alkalmaz\u00e1s\u00e1t tiltsa, amelyek n\u00e9lk\u00fcl a weboldal tov\u00e1bbra is m\u0171k\u00f6d\u0151k\u00e9pes, de a felhaszn\u00e1l\u00f3 tudom\u00e1sul veszi annak t\u00e9ny\u00e9t, hogy ezt k\u00f6vet\u0151en annak b\u00f6ng\u00e9sz\u00e9se nem felt\u00e9tlen\u00fcl lesz teljes \u00e9rt\u00e9k\u0171.<\/p><p>A munkamenet cookie semmilyen m\u00f3don nem k\u00e9pes az \u00c9rintett azonos\u00edt\u00e1s\u00e1ra, kiz\u00e1r\u00f3lag az \u00c9rintett g\u00e9p\u00e9nek felismer\u00e9s\u00e9re alkalmas, n\u00e9v, e-mail c\u00edm vagy b\u00e1rmilyen m\u00e1s szem\u00e9lyes inform\u00e1ci\u00f3 megad\u00e1sa nem sz\u00fcks\u00e9ges, mivel a megold\u00e1s alkalmaz\u00e1sakor a Felhaszn\u00e1l\u00f3 az Adatkezel\u0151nek nem ad \u00e1t szem\u00e9lyes adatot, az adatcsere csak \u00e9s kiz\u00e1r\u00f3lag a g\u00e9pek k\u00f6z\u00f6tt t\u00f6rt\u00e9nik meg.<\/p><p>Az \u00c9rintettnek lehet\u0151s\u00e9ge van arra, hogy b\u00f6ng\u00e9sz\u0151je be\u00e1ll\u00edt\u00e1s\u00e1val megtiltsa az egyedei azonos\u00edt\u00f3 jel (cookie) elhelyez\u00e9s\u00e9t a sz\u00e1m\u00edt\u00f3g\u00e9p\u00e9n. Az \u00c9rintett tudom\u00e1sul veszi, hogy a cookie-k letilt\u00e1sa eset\u00e9n egyes szolg\u00e1ltat\u00e1sok nem fognak megfelel\u0151en m\u0171k\u00f6dni.<\/p><p>K\u00f6z\u00f6ss\u00e9gi b\u0151v\u00edtm\u00e9nyek (Facebook, Instagram, Twitter, Linked-in, Google+) haszn\u00e1lata<\/p><p>A Port\u00e1lon a b\u0151v\u00edtm\u00e9nyek alaphelyzetben le vannak tiltva. A b\u0151v\u00edtm\u00e9nyek csak akkor ker\u00fclnek enged\u00e9lyez\u00e9sre, ha az \u00c9rintett az erre szolg\u00e1l\u00f3 gombra kattint. A b\u0151v\u00edtm\u00e9ny enged\u00e9lyez\u00e9s\u00e9vel az \u00c9rintett kapcsolatot hoz l\u00e9tre a k\u00f6z\u00f6ss\u00e9gi oldallal \u00e9s hozz\u00e1j\u00e1rul az adatainak a Facebook\/Instagram\/Twitter\/Linked-in\/Google+ r\u00e9sz\u00e9re t\u00f6rt\u00e9n\u0151 tov\u00e1bb\u00edt\u00e1s\u00e1hoz.<\/p><p>Amennyiben az \u00c9rintett be van jelentkezve a Facebookra\/Instagramra\/Twitterre\/Linked-inre\/Google+-ra, el\u0151fordulhat, hogy az adott k\u00f6z\u00f6ss\u00e9gi h\u00e1l\u00f3zat a l\u00e1togat\u00e1s\u00e1t az \u00c9rintett k\u00f6z\u00f6ss\u00e9gi fi\u00f3kj\u00e1hoz t\u00e1rs\u00edtja.<\/p><p>Amennyiben az \u00c9rintett a megfelel\u0151 gombra kattint, a b\u00f6ng\u00e9sz\u0151je a vonatkoz\u00f3 inform\u00e1ci\u00f3kat k\u00f6zvetlen\u00fcl az adott k\u00f6z\u00f6ss\u00e9gi h\u00e1l\u00f3zatnak tov\u00e1bb\u00edtja, \u00e9s azokat ott t\u00e1rolja.<\/p><p>Az adatgy\u0171jt\u00e9s k\u00f6r\u00e9re \u00e9s c\u00e9lj\u00e1ra, adatainak a Facebook\/Instagram\/Twitter\/Linked-in\/Google+ \u00e1ltali tov\u00e1bbi feldolgoz\u00e1s\u00e1ra \u00e9s felhaszn\u00e1l\u00e1s\u00e1ra, szem\u00e9lyes adatainak v\u00e9delm\u00e9re ir\u00e1nyul\u00f3 jogaira \u00e9s be\u00e1ll\u00edt\u00e1saira vonatkoz\u00f3 inform\u00e1ci\u00f3k a Facebook\/Instagram\/Twitter\/Linked-in\/Google+ adatv\u00e9delmi nyilatkozat\u00e1ban tal\u00e1lhat\u00f3ak.<\/p><p>Napl\u00f3\u00e1llom\u00e1nyok (logfile-ok)<\/p><p>A szolg\u00e1ltat\u00e1sok ig\u00e9nybev\u00e9tele \u00e9rdek\u00e9ben a rendszer automatikusan napl\u00f3zza az al\u00e1bbi adatokat:<\/p><p>&#8211; a felhaszn\u00e1l\u00f3 sz\u00e1m\u00edt\u00f3g\u00e9p\u00e9nek dinamikus IP-c\u00edme<\/p><p>&#8211; a felhaszn\u00e1l\u00f3 sz\u00e1m\u00edt\u00f3g\u00e9p\u00e9nek be\u00e1ll\u00edt\u00e1sait\u00f3l f\u00fcgg\u0151en a felhaszn\u00e1l\u00f3 \u00e1ltal haszn\u00e1lt b\u00f6ng\u00e9sz\u0151 \u00e9s az oper\u00e1ci\u00f3s rendszer t\u00edpusa<\/p><p>&#8211; a felhaszn\u00e1l\u00f3 weboldallal kapcsolatos aktivit\u00e1sa<\/p><p>Ezen adatok felhaszn\u00e1l\u00e1sa egyr\u00e9szr\u0151l technikai c\u00e9lok \u2013 \u00fagymint a szerverek biztons\u00e1gos m\u0171k\u00f6d\u00e9s\u00e9nek elemz\u00e9se, ut\u00f3lagos ellen\u0151rz\u00e9se- szolg\u00e1l, m\u00e1sr\u00e9szr\u0151l az Adatkezel\u0151 ezen adatokat oldalhaszn\u00e1lati statisztik\u00e1k k\u00e9sz\u00edt\u00e9s\u00e9hez, a felhaszn\u00e1l\u00f3i ig\u00e9nyek elemz\u00e9s\u00e9hez haszn\u00e1lja fel a szolg\u00e1ltat\u00e1sok sz\u00ednvonal\u00e1nak emel\u00e9se \u00e9rdek\u00e9ben.<\/p><p>A fenti adatok a felhaszn\u00e1l\u00f3 azonos\u00edt\u00e1s\u00e1ra nem alkalmasak \u00e9s azokat az Adatkezel\u0151 egy\u00e9b szem\u00e9lyes adatokkal nem kapcsolja \u00f6ssze.<\/p><p>(3) Adatkezel\u0151 az \u00c9rintettel kapcsolatos szem\u00e9lyes adatokat b\u00e1rmely, a fentiekben meghat\u00e1rozottakt\u00f3l elt\u00e9r\u0151 c\u00e9lb\u00f3l &#8211; \u00edgy k\u00fcl\u00f6n\u00f6sen szolg\u00e1ltat\u00e1sa hat\u00e9konys\u00e1g\u00e1nak n\u00f6vel\u00e9se, vagy piackutat\u00e1s c\u00e9lj\u00e1b\u00f3l &#8211; csak az adatkezel\u00e9si c\u00e9l el\u0151zetes meghat\u00e1roz\u00e1sa mellett \u00e9s az \u00c9rintett hozz\u00e1j\u00e1rul\u00e1sa alapj\u00e1n kezelhet.<\/p><p>Ezek az adatok nem kapcsolhat\u00f3k \u00f6ssze az \u00c9rintett azonos\u00edt\u00f3 adataival \u00e9s a hozz\u00e1j\u00e1rul\u00e1sa n\u00e9lk\u00fcl nem adhat\u00f3k \u00e1t harmadik szem\u00e9ly sz\u00e1m\u00e1ra.<\/p><p>Ezen adatokat az Adatkezel\u0151 k\u00f6teles t\u00f6r\u00f6lni, ha az adatkezel\u00e9si c\u00e9l megsz\u0171nt, vagy az \u00c9rintett \u00edgy rendelkezik.<\/p><p>(4) Az Adatkezel\u0151 biztos\u00edtja, hogy az ig\u00e9nybe vev\u0151 a szolg\u00e1ltat\u00e1s ig\u00e9nybev\u00e9tele el\u0151tt \u00e9s az ig\u00e9nybev\u00e9tel sor\u00e1n b\u00e1rmikor megismerhesse, hogy az Adatkezel\u0151 mely adatkezel\u00e9si c\u00e9lokb\u00f3l mely adatfajt\u00e1kat kezel, ide\u00e9rtve az ig\u00e9nybe vev\u0151vel k\u00f6zvetlen\u00fcl kapcsolatba nem hozhat\u00f3 adatok kezel\u00e9s\u00e9t is.<\/p><p>(5)\u00a0 Az Adatkezel\u0151 \u00e1ltal v\u00e9gzett adatkezel\u00e9s jogalapja minden esetben az \u00c9rintett hozz\u00e1j\u00e1rul\u00e1sa.<\/p><p>(6) Az adatkezel\u00e9s id\u0151tartama:<\/p><p>Az \u00c9rintett hozz\u00e1j\u00e1rul\u00e1sa alapj\u00e1n kezelt adatok a hozz\u00e1j\u00e1rul\u00e1s m\u00f3dos\u00edt\u00e1s\u00e1ig, illet\u0151leg visszavon\u00e1s\u00e1ig kezelhet\u0151k. Az adatkezel\u00e9s id\u0151tartam\u00e1nak lej\u00e1rt\u00e1val az \u00c9rintett szem\u00e9lyes adatait az Adatkezel\u0151 t\u00f6r\u00f6lni k\u00f6teles.<\/p><p>A megrendel\u00e9sekkel kapcsolatos adatokat \u2013 ide\u00e9rtve a telefonos \u00fcgyint\u00e9z\u00e9s sor\u00e1n szerzett adatokat is &#8211; az Adatkezel\u0151 az esetleges jogvit\u00e1k sor\u00e1n t\u00f6rt\u00e9n\u0151 bizony\u00edt\u00e1s \u00e9rdek\u00e9ben, az \u00e1ltal\u00e1nos el\u00e9v\u00fcl\u00e9si hat\u00e1rid\u0151ig, azaz 5 (\u00f6t) \u00e9vig t\u00e1rolja.<\/p><p>A sz\u00e1ml\u00e1z\u00e1ssal kapcsolatos adatokat az Adatkezel\u0151 a sz\u00e1mviteli k\u00f6telezetts\u00e9gek teljes\u00edt\u00e9s \u00e9rdek\u00e9ben, a 2000. \u00e9vi C. t\u00f6rv\u00e9ny 169. \u00a7-a \u00e9rtelm\u00e9ben 8 (nyolc) \u00e9vig, illetve az ad\u00f3z\u00e1s rendj\u00e9r\u0151l sz\u00f3l\u00f3 2003. \u00e9vi XCII. T\u00f6rv\u00e9nyben meghat\u00e1rozott el\u00e9v\u00fcl\u00e9si id\u0151ig kezeli.<\/p><p>A session ID-k a weboldal elhagy\u00e1sakor automatikusan t\u00f6rl\u0151dnek.<\/p><p>A www.emivendeghaz.hu nem v\u00e1llalja a felel\u0151ss\u00e9get a m\u00e1r t\u00f6r\u00f6lt, de az internetes keres\u0151programok k\u00f6zrem\u0171k\u00f6d\u00e9s\u00e9vel m\u00e9gis archiv\u00e1l\u00e1sra ker\u00fclt, kor\u00e1bbi oldalai\u00e9rt. Ezek elt\u00e1vol\u00edt\u00e1s\u00e1r\u00f3l a keres\u0151oldal m\u0171k\u00f6dtet\u0151j\u00e9nek kell gondoskodni.<\/p><p>(7) El\u0151fordulhat, hogy a szolg\u00e1ltat\u00e1sok teljes k\u00f6r\u0171 megval\u00f3s\u00edt\u00e1s\u00e1hoz az \u00c9rintett bizonyos szem\u00e9lyes adatait az Adatkezel\u0151 harmadik f\u00e9l r\u00e9sz\u00e9re &#8211; ideiglenes jelleggel &#8211; a sz\u00fcks\u00e9ges hozz\u00e1j\u00e1rul\u00e1s megad\u00e1sa eset\u00e9n &#8211; adatfeldolgoz\u00e1s vagy adatkezel\u00e9s c\u00e9lj\u00e1b\u00f3l &#8211;\u00a0 \u00e1tadja, \u00edgy k\u00fcl\u00f6n\u00f6sen:<\/p><p>&#8211; amennyiben fizet\u00e9sre ker\u00fcl sor, az Adatkezel\u0151 a fizet\u00e9shez sz\u00fcks\u00e9ges hitelk\u00e1rtya\/bankk\u00e1rtya sz\u00e1m\u00e1t tov\u00e1bb\u00edtja a p\u00e9nzint\u00e9zeti szolg\u00e1ltat\u00f3 fel\u00e9, an\u00e9lk\u00fcl, hogy azt meg\u0151rizn\u00e9.<\/p><p>(9) Amennyiben olyan szolg\u00e1ltat\u00e1sokr\u00f3l van sz\u00f3, amelynek sor\u00e1n, szem\u00e9lyes adatokat \u2013 \u00edgy p\u00e9ld\u00e1ul online fizet\u00e9s eset\u00e9n bankk\u00e1rtya sz\u00e1mot\u2013 kell a Felhaszn\u00e1l\u00f3nak online m\u00f3don elk\u00fcldenie a szolg\u00e1ltat\u00e1s ig\u00e9nybev\u00e9tel\u00e9hez, az Adatkezel\u0151 az ilyen \u00fczenetek sz\u00e1m\u00e1ra megfelel\u0151 v\u00e9delmet ny\u00fajt\u00f3 csatorn\u00e1t &#8211; SSL-alap\u00fa csatlakoz\u00e1st \u2013 biztos\u00edt.<\/p><p>(10) A (7)-(9) bekezd\u00e9sben eml\u00edtett adatkezel\u00e9sek eset\u00e9ben az adatszolg\u00e1ltat\u00e1s illetve adatfeldolgoz\u00e1s sor\u00e1n egy\u00e9rtelm\u0171en felt\u00fcntet\u00e9sre ker\u00fcl az adatkezel\u0151 illetve az adatfeldolgoz\u00f3 szem\u00e9lye.<\/p><p>A Felhaszn\u00e1l\u00f3 a weboldalra t\u00f6rt\u00e9n\u0151 bel\u00e9p\u00e9ssel, \u00e9s a weboldal haszn\u00e1lat\u00e1val mag\u00e1ra n\u00e9zve k\u00f6telez\u0151nek fogadja el a jelen Adatkezel\u00e9si Szab\u00e1lyzat rendelkez\u00e9seit.<\/p><p>A www.emivendeghaz.hu a felhaszn\u00e1l\u00f3kra vonatkoz\u00f3 valamennyi adatot \u00e9s t\u00e9nyt bizalmasan kezel, azokat kiz\u00e1r\u00f3lag a szolg\u00e1ltat\u00e1sai fejleszt\u00e9s\u00e9hez, a hirdet\u00e9si fel\u00fcletek \u00e9rt\u00e9kes\u00edt\u00e9s\u00e9hez \u00e9s saj\u00e1t kutat\u00e1s, statisztika k\u00e9sz\u00edt\u00e9s\u00e9hez haszn\u00e1lja fel. Az ezekr\u0151l k\u00e9sz\u00fclt kimutat\u00e1sok publik\u00e1l\u00e1sa csak olyan form\u00e1ban t\u00f6rt\u00e9nik, amely nem alkalmas az egyes felhaszn\u00e1l\u00f3k egyedi beazonos\u00edt\u00e1s\u00e1ra.<\/p><h4>6. Az adatokhoz hozz\u00e1f\u00e9r\u0151k k\u00f6re, adatfeldolgoz\u00f3k<\/h4><p>A felhaszn\u00e1l\u00f3k \u00e1ltal megadott szem\u00e9lyes adatokhoz az adatkezel\u0151 munkat\u00e1rsai f\u00e9rhetnek hozz\u00e1.<\/p><p>Szem\u00e9lyes adatokat a megjel\u00f6lteken k\u00edv\u00fcl harmadik szem\u00e9lyeknek az adatkezel\u0151 nem ad \u00e1t. Ez nem vonatkozik az esetleges, t\u00f6rv\u00e9nyben el\u0151\u00edrt, k\u00f6telez\u0151 adattov\u00e1bb\u00edt\u00e1sokra, amelyekre csak rendk\u00edv\u00fcli esetekben ker\u00fclhet sor. Az adatkezel\u0151 az egyes hat\u00f3s\u00e1gi adatk\u00e9r\u00e9sek teljes\u00edt\u00e9se el\u0151tt minden egyes adat tekintet\u00e9ben megvizsg\u00e1lja, hogy val\u00f3ban fenn\u00e1ll-e az adattov\u00e1bb\u00edt\u00e1s jogalapja.<\/p><h4>7. A felhaszn\u00e1l\u00f3k szem\u00e9lyes adataik kezel\u00e9s\u00e9vel kapcsolatos jogai<\/h4><p>(1)\u00a0 Az \u00c9rintett k\u00e9relmezheti az Adatkezel\u0151n\u00e9l<\/p><p>a) t\u00e1j\u00e9koztat\u00e1s\u00e1t szem\u00e9lyes adatai kezel\u00e9s\u00e9r\u0151l,<br \/>b) szem\u00e9lyes adatainak helyesb\u00edt\u00e9s\u00e9t, valamint<br \/>c) szem\u00e9lyes adatainak &#8211; a k\u00f6telez\u0151 adatkezel\u00e9s kiv\u00e9tel\u00e9vel &#8211; t\u00f6rl\u00e9s\u00e9t vagy z\u00e1rol\u00e1s\u00e1t.<\/p><p>(2)\u00a0 Az \u00c9rintett k\u00e9relm\u00e9re az Adatkezel\u0151, legk\u00e9s\u0151bb az erre ir\u00e1nyul\u00f3 k\u00e9relem beny\u00fajt\u00e1s\u00e1t\u00f3l sz\u00e1m\u00edtott 30 napon bel\u00fcl \u00edr\u00e1sbeli t\u00e1j\u00e9koztat\u00e1st az \u00c9rintett \u00e1ltala kezelt, illetve az \u00e1ltala vagy rendelkez\u00e9se szerint megb\u00edzott adatfeldolgoz\u00f3 \u00e1ltal feldolgozott adatair\u00f3l, azok forr\u00e1s\u00e1r\u00f3l, az adatkezel\u00e9s c\u00e9lj\u00e1r\u00f3l, jogalapj\u00e1r\u00f3l, id\u0151tartam\u00e1r\u00f3l, az adatfeldolgoz\u00f3 nev\u00e9r\u0151l, c\u00edm\u00e9r\u0151l \u00e9s az adatkezel\u00e9ssel \u00f6sszef\u00fcgg\u0151 tev\u00e9kenys\u00e9g\u00e9r\u0151l, tov\u00e1bb\u00e1 &#8211; az \u00e9rintett szem\u00e9lyes adatainak tov\u00e1bb\u00edt\u00e1sa eset\u00e9n &#8211; az adattov\u00e1bb\u00edt\u00e1s jogalapj\u00e1r\u00f3l \u00e9s c\u00edmzettj\u00e9r\u0151l.<\/p><p>A t\u00e1j\u00e9koztat\u00e1s ingyenes, ha a t\u00e1j\u00e9koztat\u00e1st k\u00e9r\u0151 a foly\u00f3 \u00e9vben azonos ter\u00fcletre vonatkoz\u00f3 t\u00e1j\u00e9koztat\u00e1si k\u00e9relmet az Adatkezel\u0151h\u00f6z m\u00e9g nem ny\u00fajtott be. Egy\u00e9b esetben az Adatkezel\u0151 k\u00f6lts\u00e9gt\u00e9r\u00edt\u00e9st \u00e1llap\u00edt meg, azzal, hogy a m\u00e1r megfizetett k\u00f6lts\u00e9gt\u00e9r\u00edt\u00e9st vissza kell t\u00e9r\u00edteni, ha az adatokat jogellenesen kezelt\u00e9k, vagy a t\u00e1j\u00e9koztat\u00e1s k\u00e9r\u00e9se helyesb\u00edt\u00e9shez vezetett. A t\u00e1j\u00e9koztat\u00e1s az adatkezel\u0151 postai c\u00edm\u00e9n, illetve e-mail c\u00edm\u00e9n k\u00e9rhet\u0151. Ugyanezeken az el\u00e9rhet\u0151s\u00e9geken kezdem\u00e9nyezheti a felhaszn\u00e1l\u00f3 szem\u00e9lyes adatainak helyesb\u00edt\u00e9s\u00e9t \u00e9s t\u00f6rl\u00e9s\u00e9t is.<\/p><p>A honlap szolg\u00e1ltat\u00e1sainak nem megfelel\u0151 ig\u00e9nybev\u00e9tele eset\u00e9n, valamint a felhaszn\u00e1l\u00f3 saj\u00e1t k\u00e9r\u00e9s\u00e9re a hozz\u00e1 tartoz\u00f3 adatokat t\u00f6r\u00f6lj\u00fck. A t\u00f6rl\u00e9sre a t\u00f6rl\u00e9si ig\u00e9ny megkezd\u00e9s\u00e9t\u0151l sz\u00e1m\u00edtott k\u00f6vetkez\u0151 munkanapot k\u00f6vet\u0151 24 \u00f3r\u00e1n bel\u00fcl ker\u00fcl sor.<\/p><p>(3)\u00a0 Az Adatkezel\u0151 az adattov\u00e1bb\u00edt\u00e1s jogszer\u0171s\u00e9g\u00e9nek ellen\u0151rz\u00e9se, valamint az \u00e9rintett t\u00e1j\u00e9koztat\u00e1sa c\u00e9lj\u00e1b\u00f3l adattov\u00e1bb\u00edt\u00e1si nyilv\u00e1ntart\u00e1st vezet, amely tartalmazza az \u00e1ltala kezelt szem\u00e9lyes adatok tov\u00e1bb\u00edt\u00e1s\u00e1nak id\u0151pontj\u00e1t, az adattov\u00e1bb\u00edt\u00e1s jogalapj\u00e1t \u00e9s c\u00edmzettj\u00e9t, a tov\u00e1bb\u00edtott szem\u00e9lyes adatok k\u00f6r\u00e9nek meghat\u00e1roz\u00e1s\u00e1t, valamint az adatkezel\u00e9st el\u0151\u00edr\u00f3 jogszab\u00e1lyban meghat\u00e1rozott egy\u00e9b adatokat.<\/p><p>(4)\u00a0 Ha a szem\u00e9lyes adat a val\u00f3s\u00e1gnak nem felel meg, \u00e9s a val\u00f3s\u00e1gnak megfelel\u0151 szem\u00e9lyes adat az Adatkezel\u0151 rendelkez\u00e9s\u00e9re \u00e1ll, a szem\u00e9lyes adatot az Adatkezel\u0151 helyesb\u00edti.<\/p><p>(5) A szem\u00e9lyes adatot t\u00f6r\u00f6lni kell, ha<\/p><p>a) kezel\u00e9se jogellenes;<br \/>b) az \u00c9rintett k\u00e9ri (a k\u00f6telez\u0151 adatkezel\u00e9s kiv\u00e9tel\u00e9vel);<br \/>c) az hi\u00e1nyos vagy t\u00e9ves &#8211; \u00e9s ez az \u00e1llapot jogszer\u0171en nem orvosolhat\u00f3 -, felt\u00e9ve, hogy a t\u00f6rl\u00e9st t\u00f6rv\u00e9ny nem z\u00e1rja ki;<br \/>d) az adatkezel\u00e9s c\u00e9lja megsz\u0171nt, vagy az adatok t\u00e1rol\u00e1s\u00e1nak t\u00f6rv\u00e9nyben meghat\u00e1rozott hat\u00e1rideje lej\u00e1rt;<br \/>e) azt a b\u00edr\u00f3s\u00e1g vagy a Hat\u00f3s\u00e1g elrendelte.<\/p><p>(6) T\u00f6rl\u00e9s helyett az Adatkezel\u0151 z\u00e1rolja a szem\u00e9lyes adatot, ha az \u00c9rintett ezt k\u00e9ri, vagy ha a rendelkez\u00e9s\u00e9re \u00e1ll\u00f3 inform\u00e1ci\u00f3k alapj\u00e1n felt\u00e9telezhet\u0151, hogy a t\u00f6rl\u00e9s s\u00e9rten\u00e9 az \u00c9rintett jogos \u00e9rdekeit. Az \u00edgy z\u00e1rolt szem\u00e9lyes adat kiz\u00e1r\u00f3lag addig kezelhet\u0151, ameddig fenn\u00e1ll az az adatkezel\u00e9si c\u00e9l, amely a szem\u00e9lyes adat t\u00f6rl\u00e9s\u00e9t kiz\u00e1rta.<\/p><p>(7)\u00a0 Az Adatkezel\u0151 megjel\u00f6li az \u00e1ltala kezelt szem\u00e9lyes adatot, ha az \u00e9rintett vitatja annak helyess\u00e9g\u00e9t vagy pontoss\u00e1g\u00e1t, de a vitatott szem\u00e9lyes adat helytelens\u00e9ge vagy pontatlans\u00e1ga nem \u00e1llap\u00edthat\u00f3 meg egy\u00e9rtelm\u0171en.<\/p><p>(8) A helyesb\u00edt\u00e9sr\u0151l, a z\u00e1rol\u00e1sr\u00f3l, a megjel\u00f6l\u00e9sr\u0151l \u00e9s a t\u00f6rl\u00e9sr\u0151l az \u00c9rintettet, tov\u00e1bb\u00e1 mindazokat \u00e9rtes\u00edteni kell, akiknek kor\u00e1bban az adatot adatkezel\u00e9s c\u00e9lj\u00e1ra tov\u00e1bb\u00edtott\u00e1k. Az \u00e9rtes\u00edt\u00e9s mell\u0151zhet\u0151, ha ez az adatkezel\u00e9s c\u00e9lj\u00e1ra val\u00f3 tekintettel az \u00e9rintett jogos \u00e9rdek\u00e9t nem s\u00e9rti.<\/p><p>(9) Ha az Adatkezel\u0151 az \u00e9rintett helyesb\u00edt\u00e9s, z\u00e1rol\u00e1s vagy t\u00f6rl\u00e9s ir\u00e1nti k\u00e9relm\u00e9t nem teljes\u00edti, a k\u00e9relem k\u00e9zhezv\u00e9tel\u00e9t k\u00f6vet\u0151 30 napon bel\u00fcl \u00edr\u00e1sban k\u00f6zli a helyesb\u00edt\u00e9s, z\u00e1rol\u00e1s vagy t\u00f6rl\u00e9s ir\u00e1nti k\u00e9relem elutas\u00edt\u00e1s\u00e1nak t\u00e9nybeli \u00e9s jogi indokait. A helyesb\u00edt\u00e9s, t\u00f6rl\u00e9s vagy z\u00e1rol\u00e1s ir\u00e1nti k\u00e9relem elutas\u00edt\u00e1sa eset\u00e9n az Adatkezel\u0151 t\u00e1j\u00e9koztatja az \u00c9rintettet a b\u00edr\u00f3s\u00e1gi jogorvoslat, tov\u00e1bb\u00e1 a Hat\u00f3s\u00e1ghoz fordul\u00e1s lehet\u0151s\u00e9g\u00e9r\u0151l.<\/p><p>(10) Az \u00c9rintett tiltakozhat szem\u00e9lyes adat\u00e1nak kezel\u00e9se ellen, ha<\/p><p>a) ha a szem\u00e9lyes adatok kezel\u00e9se vagy tov\u00e1bb\u00edt\u00e1sa kiz\u00e1r\u00f3lag az adatkezel\u0151re vonatkoz\u00f3 jogi k\u00f6telezetts\u00e9g teljes\u00edt\u00e9s\u00e9hez vagy az adatkezel\u0151, adat\u00e1tvev\u0151 vagy harmadik szem\u00e9ly jogos \u00e9rdek\u00e9nek \u00e9rv\u00e9nyes\u00edt\u00e9s\u00e9hez sz\u00fcks\u00e9ges, kiv\u00e9ve k\u00f6telez\u0151 adatkezel\u00e9s eset\u00e9n;<br \/>b) ha a szem\u00e9lyes adat felhaszn\u00e1l\u00e1sa vagy tov\u00e1bb\u00edt\u00e1sa k\u00f6zvetlen \u00fczletszerz\u00e9s, k\u00f6zv\u00e9lem\u00e9ny-kutat\u00e1s vagy tudom\u00e1nyos kutat\u00e1s c\u00e9lj\u00e1ra t\u00f6rt\u00e9nik; valamint<br \/>c) t\u00f6rv\u00e9nyben meghat\u00e1rozott egy\u00e9b esetben.<\/p><p>Az Adatkezel\u0151 &#8211; az adatkezel\u00e9s egyidej\u0171 felf\u00fcggeszt\u00e9s\u00e9vel &#8211; a tiltakoz\u00e1st k\u00f6teles a k\u00e9relem beny\u00fajt\u00e1s\u00e1t\u00f3l sz\u00e1m\u00edtott legr\u00f6videbb id\u0151n bel\u00fcl, de legfeljebb 15 napon bel\u00fcl megvizsg\u00e1lni, \u00e9s annak eredm\u00e9ny\u00e9r\u0151l a k\u00e9relmez\u0151t \u00edr\u00e1sban t\u00e1j\u00e9koztatni. Amennyiben a tiltakoz\u00e1s indokolt, az Adatkezel\u0151 k\u00f6teles az adatkezel\u00e9st &#8211; bele\u00e9rtve a tov\u00e1bbi adatfelv\u00e9telt \u00e9s adattov\u00e1bb\u00edt\u00e1st is &#8211; megsz\u00fcntetni \u00e9s az adatokat z\u00e1rolni, valamint a tiltakoz\u00e1sr\u00f3l, illet\u0151leg az annak alapj\u00e1n tett int\u00e9zked\u00e9sekr\u0151l \u00e9rtes\u00edteni mindazokat, akik r\u00e9sz\u00e9re a tiltakoz\u00e1ssal \u00e9rintett szem\u00e9lyes adatot kor\u00e1bban tov\u00e1bb\u00edtotta, \u00e9s akik k\u00f6telesek int\u00e9zkedni a tiltakoz\u00e1si jog \u00e9rv\u00e9nyes\u00edt\u00e9se \u00e9rdek\u00e9ben.<\/p><p>Amennyiben az \u00c9rintett az Adatkezel\u0151 d\u00f6nt\u00e9s\u00e9vel nem \u00e9rt egyet, illetve ha a Adatkezel\u0151 a 15 napos hat\u00e1rid\u0151t elmulasztja az \u00c9rintett a d\u00f6nt\u00e9s ellen &#8211; annak k\u00f6zl\u00e9s\u00e9t\u0151l, illetve a hat\u00e1rid\u0151 utols\u00f3 napj\u00e1t\u00f3l sz\u00e1m\u00edtott 30 napon bel\u00fcl &#8211; b\u00edr\u00f3s\u00e1ghoz fordulhat.<\/p><p>(11) Az \u00c9rintettnek jelen 5. pontban meghat\u00e1rozott jogait t\u00f6rv\u00e9ny korl\u00e1tozhatja az \u00e1llam k\u00fcls\u0151 \u00e9s bels\u0151 biztons\u00e1ga, \u00edgy a honv\u00e9delem, a nemzetbiztons\u00e1g, a b\u0171ncselekm\u00e9nyek megel\u0151z\u00e9se vagy \u00fcld\u00f6z\u00e9se, a b\u00fcntet\u00e9s-v\u00e9grehajt\u00e1s biztons\u00e1ga \u00e9rdek\u00e9ben, tov\u00e1bb\u00e1 \u00e1llami vagy \u00f6nkorm\u00e1nyzati gazdas\u00e1gi vagy p\u00e9nz\u00fcgyi \u00e9rdekb\u0151l, az Eur\u00f3pai Uni\u00f3 jelent\u0151s gazdas\u00e1gi vagy p\u00e9nz\u00fcgyi \u00e9rdek\u00e9b\u0151l, valamint a foglalkoz\u00e1sok gyakorl\u00e1s\u00e1val \u00f6sszef\u00fcgg\u0151 fegyelmi \u00e9s etikai v\u00e9ts\u00e9gek, a munkajogi \u00e9s munkav\u00e9delmi k\u00f6telezetts\u00e9gszeg\u00e9sek megel\u0151z\u00e9se \u00e9s felt\u00e1r\u00e1sa c\u00e9lj\u00e1b\u00f3l &#8211; bele\u00e9rtve minden esetben az ellen\u0151rz\u00e9st \u00e9s a fel\u00fcgyeletet is -, tov\u00e1bb\u00e1 az \u00c9rintett vagy m\u00e1sok jogainak v\u00e9delme \u00e9rdek\u00e9ben.<\/p><h4>8. Jogorvoslati lehet\u0151s\u00e9gek<\/h4><p>(1) Az \u00c9rintett jogs\u00e9rt\u00e9s eset\u00e9n jogorvoslat\u00e9rt fordulhat:<\/p><p>a.) az Adatv\u00e9delmi Biztos Hivatal\u00e1hoz (1051 Budapest, N\u00e1dor u. 22.),<\/p><p>b.) a Nemzeti Adatv\u00e9delmi \u00e9s Inform\u00e1ci\u00f3szabads\u00e1g Hat\u00f3s\u00e1ghoz<\/p><p>Sz\u00e9khely: 1125 Budapest, Szil\u00e1gyi Erzs\u00e9bet fasor 22\/c.<\/p><p>Postac\u00edm: 1530 Budapest, Pf. 5.<\/p><p>Telefon: 06 -1- 391-1400<\/p><p>Telefax: 06-1-391-1410<\/p><p>E-mail: ugyfelszolgalat@naih.hu<\/p><p>c.) az \u00c9rintett lak\u00f3helye, ill. Tart\u00f3zkod\u00e1si helye szerint illet\u00e9kes T\u00f6rv\u00e9nysz\u00e9kn\u00e9l.<\/p><p>A b\u00edr\u00f3s\u00e1g az \u00fcgyben soron k\u00edv\u00fcl j\u00e1r el. Az adatkezel\u00e9s jogszer\u0171s\u00e9g\u00e9t az Adatkezel\u0151, az adat\u00e1tv\u00e9tel jogszer\u0171s\u00e9g\u00e9t az adat\u00e1tvev\u0151 k\u00f6teles bizony\u00edtani.<\/p><p>Ha a b\u00edr\u00f3s\u00e1g a k\u00e9relemnek helyt ad, a Adatkezel\u0151t a t\u00e1j\u00e9koztat\u00e1s megad\u00e1s\u00e1ra, az adat helyesb\u00edt\u00e9s\u00e9re, z\u00e1rol\u00e1s\u00e1ra, t\u00f6rl\u00e9s\u00e9re, az automatiz\u00e1lt adatfeldolgoz\u00e1ssal hozott d\u00f6nt\u00e9s megsemmis\u00edt\u00e9s\u00e9re, az \u00e9rintett tiltakoz\u00e1si jog\u00e1nak figyelembev\u00e9tel\u00e9re, illetve az Info tv. 21. \u00a7-ban meghat\u00e1rozott adat\u00e1tvev\u0151 \u00e1ltal k\u00e9rt adat kiad\u00e1s\u00e1ra k\u00f6telezi.<\/p><p>Ha a b\u00edr\u00f3s\u00e1g az Info tv. 21. \u00a7-ban meghat\u00e1rozott esetekben az adat\u00e1tvev\u0151 k\u00e9relm\u00e9t elutas\u00edtja, az adatkezel\u0151 k\u00f6teles az \u00e9rintett szem\u00e9lyes adat\u00e1t az \u00edt\u00e9let k\u00f6zl\u00e9s\u00e9t\u0151l sz\u00e1m\u00edtott 3 napon bel\u00fcl t\u00f6r\u00f6lni.<\/p><p>Adatkezel\u0151 k\u00f6teles az adatokat akkor is t\u00f6r\u00f6lni, ha az adat\u00e1tvev\u0151 az Info tv. 21. \u00a7 (5), illetve (6) bekezd\u00e9s\u00e9ben meghat\u00e1rozott hat\u00e1rid\u0151n bel\u00fcl nem fordul b\u00edr\u00f3s\u00e1ghoz.<\/p><p>A b\u00edr\u00f3s\u00e1g elrendelheti \u00edt\u00e9let\u00e9nek \u2013 a Adatkezel\u0151 azonos\u00edt\u00f3 adatainak k\u00f6zz\u00e9t\u00e9tel\u00e9vel t\u00f6rt\u00e9n\u0151 &#8211; nyilv\u00e1noss\u00e1gra hozatal\u00e1t, ha azt az adatv\u00e9delem \u00e9rdekei \u00e9s nagyobb sz\u00e1m\u00fa \u00e9rintett e t\u00f6rv\u00e9nyben v\u00e9dett jogai megk\u00f6vetelik.<\/p><p>(2) Az Adatkezel\u0151 az \u00c9rintett adatainak jogellenes kezel\u00e9s\u00e9vel vagy az adatbiztons\u00e1g k\u00f6vetelm\u00e9nyeinek megszeg\u00e9s\u00e9vel m\u00e1snak okozott k\u00e1rt k\u00f6teles megt\u00e9r\u00edteni. Az \u00c9rintettel szemben az Adatkezel\u0151 felel az adatfeldolgoz\u00f3 \u00e1ltal okozott k\u00e1r\u00e9rt is. Az Adatkezel\u0151 mentes\u00fcl a felel\u0151ss\u00e9g al\u00f3l, ha bizony\u00edtja, hogy a k\u00e1rt az adatkezel\u00e9s k\u00f6r\u00e9n k\u00edv\u00fcl es\u0151 elh\u00e1r\u00edthatatlan ok id\u00e9zte el\u0151.<\/p><p>Nem kell megt\u00e9r\u00edteni a k\u00e1rt annyiban, amennyiben az a k\u00e1rosult sz\u00e1nd\u00e9kos vagy s\u00falyosan gondatlan magatart\u00e1s\u00e1b\u00f3l sz\u00e1rmazott.<\/p><h4>9. Adatbiztons\u00e1gi int\u00e9zked\u00e9sek<\/h4><p>A www.emivendeghaz.hu honlap \u00fczemeltet\u00e9s\u00e9hez sz\u00fcks\u00e9ges t\u00e1rhely technol\u00f3giai h\u00e1tter\u00e9t a Contabo GmbH (Sz\u00e9khely: 81549 M\u00fcnchen, Aschauer Str. 32a, N\u00e9metorsz\u00e1g) biztos\u00edtja.<\/p><p>10. T\u00e1j\u00e9koztat\u00e1s a mag\u00e1nszf\u00e9r\u00e1t fenyeget\u0151 vesz\u00e9lyekr\u0151l<\/p><p>Az Internet haszn\u00e1lat\u00e1val egy\u00fctt j\u00e1rnak k\u00fcl\u00f6nb\u00f6z\u0151, a mag\u00e1nszf\u00e9r\u00e1t fenyeget\u0151 vesz\u00e9lyek.<\/p><p>Felh\u00edvjuk a figyelm\u00e9t, hogy a weboldalon le\u00edrt v\u00e9lem\u00e9nye szem\u00e9lyes adat, amelyb\u0151l k\u00fcl\u00f6nleges adataira, ak\u00e1r sz\u00e1rmaz\u00e1s\u00e1ra, politikai v\u00e9lem\u00e9ny\u00e9re is lehet k\u00f6vetkeztetni. Ezen adatok mindenki sz\u00e1m\u00e1ra megismerhet\u0151v\u00e9 v\u00e1lnak.<\/p><p>Javasoljuk, hogy szem\u00e9lyes adatai v\u00e9delme \u00e9rdek\u00e9ben haszn\u00e1ljon PET technol\u00f3gi\u00e1t (Priv\u00e1tszf\u00e9r\u00e1t er\u0151s\u00edt\u0151 technol\u00f3gia). Sz\u00e1mos honlapon tal\u00e1l erre vonatkoz\u00f3 inform\u00e1ci\u00f3t.<\/p>\t\t\t\t\t\t\t\t<\/div>\n\t\t\t\t<\/div>\n\t\t\t\t\t<\/div>\n\t\t<\/div>\n\t\t\t\t\t<\/div>\n\t\t<\/section>\n\t\t\t\t<\/div>\n\t\t","protected":false},"excerpt":{"rendered":"<p>VIZA t\u00e1j\u00e9koztat\u00f3 a szem\u00e9lyes adatok k\u00f6telez\u0151 r\u00f6gz\u00edt\u00e9s\u00e9r\u0151l 2020 szeptember 1-j\u00e9t k\u00f6vet\u0151en a hat\u00e1lyos jogszab\u00e1lyok \u00e9rtelm\u00e9ben, a Magyarorsz\u00e1gon sz\u00e1ll\u00e1shely-szolg\u00e1ltat\u00e1st ig\u00e9nybe vev\u0151k jogszab\u00e1lyban meghat\u00e1rozott szem\u00e9lyes adatait a sz\u00e1ll\u00e1shely-szolg\u00e1ltat\u00f3 okm\u00e1nyolvas\u00f3n kereszt\u00fcl sz\u00e1ll\u00e1shelykezel\u0151 szoftver\u00e9ben r\u00f6gz\u00edti, \u00e9s egy t\u00e1rhelyre, a Vend\u00e9g Inform\u00e1ci\u00f3s Z\u00e1rt Adatb\u00e1zisba (VIZA) tov\u00e1bb\u00edtja. A r\u00e9szletes t\u00e1j\u00e9koztat\u00f3 let\u00f6lthet\u0151 &gt;\u00a0itt Adatv\u00e9delmi \u00e9s adatkezel\u00e9si szab\u00e1lyzat A www.emivendeghaz.hu \u00fczemeltet\u0151je ez\u00faton t\u00e1j\u00e9koztatja &#8230; <a title=\"Data handling\" class=\"read-more\" href=\"https:\/\/www.emivendeghaz.hu\/en\/data-handling\/\" aria-label=\"Read more about Data handling\">Read more<\/a><\/p>\n","protected":false},"author":2,"featured_media":0,"parent":0,"menu_order":0,"comment_status":"closed","ping_status":"closed","template":"elementor_header_footer","meta":{"footnotes":""},"class_list":["post-223030","page","type-page","status-publish"],"yoast_head":"<!-- This site is optimized with the Yoast SEO plugin v27.5 - https:\/\/yoast.com\/product\/yoast-seo-wordpress\/ -->\n<title>Data handling - Emi Vend\u00e9gh\u00e1z<\/title>\n<meta name=\"robots\" content=\"index, follow, max-snippet:-1, max-image-preview:large, max-video-preview:-1\" \/>\n<link rel=\"canonical\" href=\"https:\/\/www.emivendeghaz.hu\/en\/data-handling\/\" \/>\n<meta property=\"og:locale\" content=\"en_US\" \/>\n<meta property=\"og:type\" content=\"article\" \/>\n<meta property=\"og:title\" content=\"Data handling - Emi Vend\u00e9gh\u00e1z\" \/>\n<meta property=\"og:description\" content=\"VIZA t\u00e1j\u00e9koztat\u00f3 a szem\u00e9lyes adatok k\u00f6telez\u0151 r\u00f6gz\u00edt\u00e9s\u00e9r\u0151l 2020 szeptember 1-j\u00e9t k\u00f6vet\u0151en a hat\u00e1lyos jogszab\u00e1lyok \u00e9rtelm\u00e9ben, a Magyarorsz\u00e1gon sz\u00e1ll\u00e1shely-szolg\u00e1ltat\u00e1st ig\u00e9nybe vev\u0151k jogszab\u00e1lyban meghat\u00e1rozott szem\u00e9lyes adatait a sz\u00e1ll\u00e1shely-szolg\u00e1ltat\u00f3 okm\u00e1nyolvas\u00f3n kereszt\u00fcl sz\u00e1ll\u00e1shelykezel\u0151 szoftver\u00e9ben r\u00f6gz\u00edti, \u00e9s egy t\u00e1rhelyre, a Vend\u00e9g Inform\u00e1ci\u00f3s Z\u00e1rt Adatb\u00e1zisba (VIZA) tov\u00e1bb\u00edtja. A r\u00e9szletes t\u00e1j\u00e9koztat\u00f3 let\u00f6lthet\u0151 &gt;\u00a0itt Adatv\u00e9delmi \u00e9s adatkezel\u00e9si szab\u00e1lyzat A www.emivendeghaz.hu \u00fczemeltet\u0151je ez\u00faton t\u00e1j\u00e9koztatja ... Read more\" \/>\n<meta property=\"og:url\" content=\"https:\/\/www.emivendeghaz.hu\/en\/data-handling\/\" \/>\n<meta property=\"og:site_name\" content=\"Emi Vend\u00e9gh\u00e1z\" \/>\n<meta property=\"article:modified_time\" content=\"2022-07-29T12:00:07+00:00\" \/>\n<meta name=\"twitter:card\" content=\"summary_large_image\" \/>\n<meta name=\"twitter:label1\" content=\"Est. reading time\" \/>\n\t<meta name=\"twitter:data1\" content=\"13 minutes\" \/>\n<script type=\"application\/ld+json\" class=\"yoast-schema-graph\">{\"@context\":\"https:\\\/\\\/schema.org\",\"@graph\":[{\"@type\":\"WebPage\",\"@id\":\"https:\\\/\\\/www.emivendeghaz.hu\\\/en\\\/data-handling\\\/\",\"url\":\"https:\\\/\\\/www.emivendeghaz.hu\\\/en\\\/data-handling\\\/\",\"name\":\"Data handling - Emi Vend\u00e9gh\u00e1z\",\"isPartOf\":{\"@id\":\"https:\\\/\\\/www.emivendeghaz.hu\\\/#website\"},\"datePublished\":\"2022-07-25T13:37:56+00:00\",\"dateModified\":\"2022-07-29T12:00:07+00:00\",\"breadcrumb\":{\"@id\":\"https:\\\/\\\/www.emivendeghaz.hu\\\/en\\\/data-handling\\\/#breadcrumb\"},\"inLanguage\":\"en-US\",\"potentialAction\":[{\"@type\":\"ReadAction\",\"target\":[\"https:\\\/\\\/www.emivendeghaz.hu\\\/en\\\/data-handling\\\/\"]}]},{\"@type\":\"BreadcrumbList\",\"@id\":\"https:\\\/\\\/www.emivendeghaz.hu\\\/en\\\/data-handling\\\/#breadcrumb\",\"itemListElement\":[{\"@type\":\"ListItem\",\"position\":1,\"name\":\"Kezd\u0151lap\",\"item\":\"https:\\\/\\\/www.emivendeghaz.hu\\\/en\\\/\"},{\"@type\":\"ListItem\",\"position\":2,\"name\":\"Data handling\"}]},{\"@type\":\"WebSite\",\"@id\":\"https:\\\/\\\/www.emivendeghaz.hu\\\/#website\",\"url\":\"https:\\\/\\\/www.emivendeghaz.hu\\\/\",\"name\":\"Emi Vend\u00e9gh\u00e1z\",\"description\":\"csal\u00e1dias hangulat\u00fa vend\u00e9gh\u00e1z Balatonszemesen\",\"publisher\":{\"@id\":\"https:\\\/\\\/www.emivendeghaz.hu\\\/#organization\"},\"potentialAction\":[{\"@type\":\"SearchAction\",\"target\":{\"@type\":\"EntryPoint\",\"urlTemplate\":\"https:\\\/\\\/www.emivendeghaz.hu\\\/?s={search_term_string}\"},\"query-input\":{\"@type\":\"PropertyValueSpecification\",\"valueRequired\":true,\"valueName\":\"search_term_string\"}}],\"inLanguage\":\"en-US\"},{\"@type\":\"Organization\",\"@id\":\"https:\\\/\\\/www.emivendeghaz.hu\\\/#organization\",\"name\":\"Emi Vend\u00e9gh\u00e1z\",\"url\":\"https:\\\/\\\/www.emivendeghaz.hu\\\/\",\"logo\":{\"@type\":\"ImageObject\",\"inLanguage\":\"en-US\",\"@id\":\"https:\\\/\\\/www.emivendeghaz.hu\\\/#\\\/schema\\\/logo\\\/image\\\/\",\"url\":\"https:\\\/\\\/www.emivendeghaz.hu\\\/wp-content\\\/uploads\\\/2020\\\/10\\\/emi_logo.png\",\"contentUrl\":\"https:\\\/\\\/www.emivendeghaz.hu\\\/wp-content\\\/uploads\\\/2020\\\/10\\\/emi_logo.png\",\"width\":200,\"height\":145,\"caption\":\"Emi Vend\u00e9gh\u00e1z\"},\"image\":{\"@id\":\"https:\\\/\\\/www.emivendeghaz.hu\\\/#\\\/schema\\\/logo\\\/image\\\/\"}}]}<\/script>\n<!-- \/ Yoast SEO plugin. -->","yoast_head_json":{"title":"Data handling - Emi Vend\u00e9gh\u00e1z","robots":{"index":"index","follow":"follow","max-snippet":"max-snippet:-1","max-image-preview":"max-image-preview:large","max-video-preview":"max-video-preview:-1"},"canonical":"https:\/\/www.emivendeghaz.hu\/en\/data-handling\/","og_locale":"en_US","og_type":"article","og_title":"Data handling - Emi Vend\u00e9gh\u00e1z","og_description":"VIZA t\u00e1j\u00e9koztat\u00f3 a szem\u00e9lyes adatok k\u00f6telez\u0151 r\u00f6gz\u00edt\u00e9s\u00e9r\u0151l 2020 szeptember 1-j\u00e9t k\u00f6vet\u0151en a hat\u00e1lyos jogszab\u00e1lyok \u00e9rtelm\u00e9ben, a Magyarorsz\u00e1gon sz\u00e1ll\u00e1shely-szolg\u00e1ltat\u00e1st ig\u00e9nybe vev\u0151k jogszab\u00e1lyban meghat\u00e1rozott szem\u00e9lyes adatait a sz\u00e1ll\u00e1shely-szolg\u00e1ltat\u00f3 okm\u00e1nyolvas\u00f3n kereszt\u00fcl sz\u00e1ll\u00e1shelykezel\u0151 szoftver\u00e9ben r\u00f6gz\u00edti, \u00e9s egy t\u00e1rhelyre, a Vend\u00e9g Inform\u00e1ci\u00f3s Z\u00e1rt Adatb\u00e1zisba (VIZA) tov\u00e1bb\u00edtja. A r\u00e9szletes t\u00e1j\u00e9koztat\u00f3 let\u00f6lthet\u0151 &gt;\u00a0itt Adatv\u00e9delmi \u00e9s adatkezel\u00e9si szab\u00e1lyzat A www.emivendeghaz.hu \u00fczemeltet\u0151je ez\u00faton t\u00e1j\u00e9koztatja ... Read more","og_url":"https:\/\/www.emivendeghaz.hu\/en\/data-handling\/","og_site_name":"Emi Vend\u00e9gh\u00e1z","article_modified_time":"2022-07-29T12:00:07+00:00","twitter_card":"summary_large_image","twitter_misc":{"Est. reading time":"13 minutes"},"schema":{"@context":"https:\/\/schema.org","@graph":[{"@type":"WebPage","@id":"https:\/\/www.emivendeghaz.hu\/en\/data-handling\/","url":"https:\/\/www.emivendeghaz.hu\/en\/data-handling\/","name":"Data handling - Emi Vend\u00e9gh\u00e1z","isPartOf":{"@id":"https:\/\/www.emivendeghaz.hu\/#website"},"datePublished":"2022-07-25T13:37:56+00:00","dateModified":"2022-07-29T12:00:07+00:00","breadcrumb":{"@id":"https:\/\/www.emivendeghaz.hu\/en\/data-handling\/#breadcrumb"},"inLanguage":"en-US","potentialAction":[{"@type":"ReadAction","target":["https:\/\/www.emivendeghaz.hu\/en\/data-handling\/"]}]},{"@type":"BreadcrumbList","@id":"https:\/\/www.emivendeghaz.hu\/en\/data-handling\/#breadcrumb","itemListElement":[{"@type":"ListItem","position":1,"name":"Kezd\u0151lap","item":"https:\/\/www.emivendeghaz.hu\/en\/"},{"@type":"ListItem","position":2,"name":"Data handling"}]},{"@type":"WebSite","@id":"https:\/\/www.emivendeghaz.hu\/#website","url":"https:\/\/www.emivendeghaz.hu\/","name":"Emi Vend\u00e9gh\u00e1z","description":"csal\u00e1dias hangulat\u00fa vend\u00e9gh\u00e1z Balatonszemesen","publisher":{"@id":"https:\/\/www.emivendeghaz.hu\/#organization"},"potentialAction":[{"@type":"SearchAction","target":{"@type":"EntryPoint","urlTemplate":"https:\/\/www.emivendeghaz.hu\/?s={search_term_string}"},"query-input":{"@type":"PropertyValueSpecification","valueRequired":true,"valueName":"search_term_string"}}],"inLanguage":"en-US"},{"@type":"Organization","@id":"https:\/\/www.emivendeghaz.hu\/#organization","name":"Emi Vend\u00e9gh\u00e1z","url":"https:\/\/www.emivendeghaz.hu\/","logo":{"@type":"ImageObject","inLanguage":"en-US","@id":"https:\/\/www.emivendeghaz.hu\/#\/schema\/logo\/image\/","url":"https:\/\/www.emivendeghaz.hu\/wp-content\/uploads\/2020\/10\/emi_logo.png","contentUrl":"https:\/\/www.emivendeghaz.hu\/wp-content\/uploads\/2020\/10\/emi_logo.png","width":200,"height":145,"caption":"Emi Vend\u00e9gh\u00e1z"},"image":{"@id":"https:\/\/www.emivendeghaz.hu\/#\/schema\/logo\/image\/"}}]}},"_links":{"self":[{"href":"https:\/\/www.emivendeghaz.hu\/en\/wp-json\/wp\/v2\/pages\/223030","targetHints":{"allow":["GET"]}}],"collection":[{"href":"https:\/\/www.emivendeghaz.hu\/en\/wp-json\/wp\/v2\/pages"}],"about":[{"href":"https:\/\/www.emivendeghaz.hu\/en\/wp-json\/wp\/v2\/types\/page"}],"author":[{"embeddable":true,"href":"https:\/\/www.emivendeghaz.hu\/en\/wp-json\/wp\/v2\/users\/2"}],"replies":[{"embeddable":true,"href":"https:\/\/www.emivendeghaz.hu\/en\/wp-json\/wp\/v2\/comments?post=223030"}],"version-history":[{"count":0,"href":"https:\/\/www.emivendeghaz.hu\/en\/wp-json\/wp\/v2\/pages\/223030\/revisions"}],"wp:attachment":[{"href":"https:\/\/www.emivendeghaz.hu\/en\/wp-json\/wp\/v2\/media?parent=223030"}],"curies":[{"name":"wp","href":"https:\/\/api.w.org\/{rel}","templated":true}]}}